{"id":1912,"date":"2025-03-26T11:38:19","date_gmt":"2025-03-26T11:38:19","guid":{"rendered":"https:\/\/www.encontroalumni.uevora.pt\/?page_id=1912"},"modified":"2025-05-13T13:52:50","modified_gmt":"2025-05-13T13:52:50","slug":"testemunhos","status":"publish","type":"page","link":"https:\/\/www.encontroalumni.uevora.pt\/2025\/testemunhos\/","title":{"rendered":"Testemunhos"},"content":{"rendered":"\n<figure class=\"wp-block-embed aligncenter is-type-video is-provider-youtube wp-block-embed-youtube wp-embed-aspect-16-9 wp-has-aspect-ratio\"><div class=\"wp-block-embed__wrapper\">\n<iframe loading=\"lazy\" title=\"III Encontro Alumni\" width=\"644\" height=\"362\" src=\"https:\/\/www.youtube.com\/embed\/1vrsOPu0Hho?feature=oembed\" frameborder=\"0\" allow=\"accelerometer; autoplay; clipboard-write; encrypted-media; gyroscope; picture-in-picture; web-share\" referrerpolicy=\"strict-origin-when-cross-origin\" allowfullscreen><\/iframe>\n<\/div><\/figure>\n\n\n\n<p>Jo\u00e3o Paulo Mineiro, <em>Alumnus <\/em>de Ensino de Biologia e Geologia de 1990<br>III Encontro Alumni U\u00c9 (2024)<\/p>\n\n\n\n<hr class=\"wp-block-separator has-alpha-channel-opacity\" \/>\n\n\n\n<figure class=\"wp-block-embed is-type-video is-provider-youtube wp-block-embed-youtube wp-embed-aspect-16-9 wp-has-aspect-ratio\"><div class=\"wp-block-embed__wrapper\">\n<iframe loading=\"lazy\" title=\"III Encontro Alumni U\u00c9vora | Testemunho de Alumnae\" width=\"644\" height=\"362\" src=\"https:\/\/www.youtube.com\/embed\/1JxURB-jgdA?feature=oembed\" frameborder=\"0\" allow=\"accelerometer; autoplay; clipboard-write; encrypted-media; gyroscope; picture-in-picture; web-share\" referrerpolicy=\"strict-origin-when-cross-origin\" allowfullscreen><\/iframe>\n<\/div><\/figure>\n\n\n\n<p>Teresa Cormona Costa, <em>Alumna <\/em>de Engenharia Zoot\u00e9cnica de 1985<br>Carolina Hermenegildo, <em>Alumna <\/em>de Design de 2017<br>III Encontro Alumni U\u00c9 (2024)<\/p>\n\n\n\n<hr class=\"wp-block-separator has-alpha-channel-opacity\" \/>\n\n\n\n<figure class=\"wp-block-embed is-type-video is-provider-youtube wp-block-embed-youtube wp-embed-aspect-16-9 wp-has-aspect-ratio\"><div class=\"wp-block-embed__wrapper\">\n<iframe loading=\"lazy\" title=\"III Encontro Alumni U\u00c9vora | Testemunho de Alumnus\" width=\"644\" height=\"362\" src=\"https:\/\/www.youtube.com\/embed\/fA4CtIjNp5g?feature=oembed\" frameborder=\"0\" allow=\"accelerometer; autoplay; clipboard-write; encrypted-media; gyroscope; picture-in-picture; web-share\" referrerpolicy=\"strict-origin-when-cross-origin\" allowfullscreen><\/iframe>\n<\/div><\/figure>\n\n\n\n<p>Manuel Catita, <em>Alumnus <\/em>de Sociologia de 1998<br>III Encontro Alumni U\u00c9 (2024)<\/p>\n\n\n\n<hr class=\"wp-block-separator has-alpha-channel-opacity\" \/>\n\n\n\n<figure class=\"wp-block-embed is-type-video is-provider-youtube wp-block-embed-youtube wp-embed-aspect-16-9 wp-has-aspect-ratio\"><div class=\"wp-block-embed__wrapper\">\n<iframe loading=\"lazy\" title=\"III Encontro Alumni U\u00c9vora | Herm\u00ednia Vasconcelos Vilar, Reitora da Universidade de \u00c9vora\" width=\"644\" height=\"362\" src=\"https:\/\/www.youtube.com\/embed\/6dbfwUz745I?feature=oembed\" frameborder=\"0\" allow=\"accelerometer; autoplay; clipboard-write; encrypted-media; gyroscope; picture-in-picture; web-share\" referrerpolicy=\"strict-origin-when-cross-origin\" allowfullscreen><\/iframe>\n<\/div><\/figure>\n\n\n\n<p>Herm\u00ednia Vasconcelos Vilar, Reitora da Universidade de \u00c9vora<br>III Encontro Alumni U\u00c9 (2024)<\/p>\n","protected":false},"excerpt":{"rendered":"<p>Jo\u00e3o Paulo Mineiro, Alumnus de Ensino de Biologia e Geologia de 1990III Encontro Alumni U\u00c9 (2024) Teresa Cormona Costa, Alumna de Engenharia Zoot\u00e9cnica de 1985Carolina Hermenegildo, Alumna de Design de 2017III Encontro Alumni U\u00c9 (2024) Manuel Catita, Alumnus de Sociologia de 1998III Encontro Alumni U\u00c9 (2024) Herm\u00ednia Vasconcelos Vilar, Reitora da Universidade de \u00c9voraIII Encontro&#8230;<\/p>\n","protected":false},"author":24,"featured_media":0,"parent":0,"menu_order":0,"comment_status":"closed","ping_status":"closed","template":"","meta":{"footnotes":""},"class_list":["post-1912","page","type-page","status-publish","hentry"],"_links":{"self":[{"href":"https:\/\/www.encontroalumni.uevora.pt\/2025\/wp-json\/wp\/v2\/pages\/1912","targetHints":{"allow":["GET"]}}],"collection":[{"href":"https:\/\/www.encontroalumni.uevora.pt\/2025\/wp-json\/wp\/v2\/pages"}],"about":[{"href":"https:\/\/www.encontroalumni.uevora.pt\/2025\/wp-json\/wp\/v2\/types\/page"}],"author":[{"embeddable":true,"href":"https:\/\/www.encontroalumni.uevora.pt\/2025\/wp-json\/wp\/v2\/users\/24"}],"replies":[{"embeddable":true,"href":"https:\/\/www.encontroalumni.uevora.pt\/2025\/wp-json\/wp\/v2\/comments?post=1912"}],"version-history":[{"count":13,"href":"https:\/\/www.encontroalumni.uevora.pt\/2025\/wp-json\/wp\/v2\/pages\/1912\/revisions"}],"predecessor-version":[{"id":1974,"href":"https:\/\/www.encontroalumni.uevora.pt\/2025\/wp-json\/wp\/v2\/pages\/1912\/revisions\/1974"}],"wp:attachment":[{"href":"https:\/\/www.encontroalumni.uevora.pt\/2025\/wp-json\/wp\/v2\/media?parent=1912"}],"curies":[{"name":"wp","href":"https:\/\/api.w.org\/{rel}","templated":true}]}}