{"id":125,"date":"2017-12-15T16:41:36","date_gmt":"2017-12-15T16:41:36","guid":{"rendered":"http:\/\/www.encontroalumni.uevora.pt\/?page_id=125"},"modified":"2025-06-26T11:09:33","modified_gmt":"2025-06-26T11:09:33","slug":"parceiros","status":"publish","type":"page","link":"https:\/\/www.encontroalumni.uevora.pt\/2025\/parceiros\/","title":{"rendered":"Apoios"},"content":{"rendered":"\n<h3 class=\"wp-block-heading\"><strong><strong>Organiza\u00e7\u00e3o<\/strong><\/strong><\/h3>\n\n\n\n<div class=\"wp-block-columns is-layout-flex wp-container-core-columns-is-layout-1 wp-block-columns-is-layout-flex\">\n<div class=\"wp-block-column is-layout-flow wp-block-column-is-layout-flow\">\n<div class=\"wp-block-group\"><div class=\"wp-block-group__inner-container is-layout-flow wp-block-group-is-layout-flow\">\n<div class=\"wp-block-group\"><div class=\"wp-block-group__inner-container is-layout-flow wp-block-group-is-layout-flow\">\n<figure class=\"wp-block-image size-large\"><a href=\"https:\/\/www.uevora.pt\/\" target=\"_blank\" rel=\"noopener noreferrer\"><img loading=\"lazy\" decoding=\"async\" width=\"644\" height=\"340\" src=\"https:\/\/www.encontroalumni.uevora.pt\/wp-content\/uploads\/2024\/03\/logos_organiza\u00e7\u00e3o_ue-644x340.png\" alt=\"\" class=\"wp-image-1441\" srcset=\"https:\/\/www.encontroalumni.uevora.pt\/2025\/wp-content\/uploads\/sites\/8\/2024\/03\/logos_organiza\u00e7\u00e3o_ue-644x340.png 644w, https:\/\/www.encontroalumni.uevora.pt\/2025\/wp-content\/uploads\/sites\/8\/2024\/03\/logos_organiza\u00e7\u00e3o_ue-300x159.png 300w, https:\/\/www.encontroalumni.uevora.pt\/2025\/wp-content\/uploads\/sites\/8\/2024\/03\/logos_organiza\u00e7\u00e3o_ue-768x406.png 768w, https:\/\/www.encontroalumni.uevora.pt\/2025\/wp-content\/uploads\/sites\/8\/2024\/03\/logos_organiza\u00e7\u00e3o_ue-1536x812.png 1536w, https:\/\/www.encontroalumni.uevora.pt\/2025\/wp-content\/uploads\/sites\/8\/2024\/03\/logos_organiza\u00e7\u00e3o_ue-2048x1082.png 2048w\" sizes=\"auto, (max-width: 644px) 100vw, 644px\" \/><\/a><\/figure>\n<\/div><\/div>\n<\/div><\/div>\n<\/div>\n\n\n\n<div class=\"wp-block-column is-layout-flow wp-block-column-is-layout-flow\">\n<figure class=\"wp-block-image size-large\"><a href=\"https:\/\/www.uevora.pt\/viver\/Comunidade\/alumni\" target=\"_blank\" rel=\"noopener noreferrer\"><img loading=\"lazy\" decoding=\"async\" width=\"644\" height=\"340\" src=\"http:\/\/www.encontroalumni.uevora.pt\/wp-content\/uploads\/sites\/8\/2024\/03\/logos_organiza\u00e7\u00e3o_alumni-644x340.png\" alt=\"\" class=\"wp-image-1444\" srcset=\"https:\/\/www.encontroalumni.uevora.pt\/2025\/wp-content\/uploads\/sites\/8\/2024\/03\/logos_organiza\u00e7\u00e3o_alumni-644x340.png 644w, https:\/\/www.encontroalumni.uevora.pt\/2025\/wp-content\/uploads\/sites\/8\/2024\/03\/logos_organiza\u00e7\u00e3o_alumni-300x159.png 300w, https:\/\/www.encontroalumni.uevora.pt\/2025\/wp-content\/uploads\/sites\/8\/2024\/03\/logos_organiza\u00e7\u00e3o_alumni-768x406.png 768w, https:\/\/www.encontroalumni.uevora.pt\/2025\/wp-content\/uploads\/sites\/8\/2024\/03\/logos_organiza\u00e7\u00e3o_alumni-1536x812.png 1536w, https:\/\/www.encontroalumni.uevora.pt\/2025\/wp-content\/uploads\/sites\/8\/2024\/03\/logos_organiza\u00e7\u00e3o_alumni-2048x1082.png 2048w\" sizes=\"auto, (max-width: 644px) 100vw, 644px\" \/><\/a><\/figure>\n<\/div>\n<\/div>\n\n\n\n<hr class=\"wp-block-separator has-alpha-channel-opacity\" \/>\n\n\n\n<h3 class=\"wp-block-heading\"><strong><strong><strong><strong>Patroc<\/strong><\/strong><\/strong>inadores<\/strong><\/h3>\n\n\n\n<div class=\"wp-block-columns are-vertically-aligned-center is-layout-flex wp-container-core-columns-is-layout-2 wp-block-columns-is-layout-flex\">\n<div class=\"wp-block-column is-vertically-aligned-center is-layout-flow wp-block-column-is-layout-flow\"><div class=\"wp-block-image\">\n<figure class=\"aligncenter size-large\"><a href=\"https:\/\/www.zea.uevora.pt\/\" target=\"_blank\" rel=\" noreferrer noopener\"><img loading=\"lazy\" decoding=\"async\" width=\"644\" height=\"153\" src=\"https:\/\/www.encontroalumni.uevora.pt\/wp-content\/uploads\/2025\/03\/logo-ZEA-644x153.jpg\" alt=\"\" class=\"wp-image-1888\" srcset=\"https:\/\/www.encontroalumni.uevora.pt\/2025\/wp-content\/uploads\/sites\/8\/2025\/03\/logo-ZEA-644x153.jpg 644w, https:\/\/www.encontroalumni.uevora.pt\/2025\/wp-content\/uploads\/sites\/8\/2025\/03\/logo-ZEA-300x71.jpg 300w, https:\/\/www.encontroalumni.uevora.pt\/2025\/wp-content\/uploads\/sites\/8\/2025\/03\/logo-ZEA-768x183.jpg 768w, https:\/\/www.encontroalumni.uevora.pt\/2025\/wp-content\/uploads\/sites\/8\/2025\/03\/logo-ZEA-1536x365.jpg 1536w, https:\/\/www.encontroalumni.uevora.pt\/2025\/wp-content\/uploads\/sites\/8\/2025\/03\/logo-ZEA.jpg 1560w\" sizes=\"auto, (max-width: 644px) 100vw, 644px\" \/><\/a><\/figure><\/div><\/div>\n\n\n\n<div class=\"wp-block-column is-vertically-aligned-center is-layout-flow wp-block-column-is-layout-flow\"><div class=\"wp-block-image\">\n<figure class=\"aligncenter size-thumbnail\"><a href=\"https:\/\/aaue.pt\/\" target=\"_blank\" rel=\" noreferrer noopener\"><img loading=\"lazy\" decoding=\"async\" width=\"150\" height=\"150\" src=\"https:\/\/www.encontroalumni.uevora.pt\/wp-content\/uploads\/2025\/03\/aaue_preto-150x150.png\" alt=\"\" class=\"wp-image-1891\" srcset=\"https:\/\/www.encontroalumni.uevora.pt\/2025\/wp-content\/uploads\/sites\/8\/2025\/03\/aaue_preto-150x150.png 150w, https:\/\/www.encontroalumni.uevora.pt\/2025\/wp-content\/uploads\/sites\/8\/2025\/03\/aaue_preto-300x300.png 300w, https:\/\/www.encontroalumni.uevora.pt\/2025\/wp-content\/uploads\/sites\/8\/2025\/03\/aaue_preto-644x644.png 644w, https:\/\/www.encontroalumni.uevora.pt\/2025\/wp-content\/uploads\/sites\/8\/2025\/03\/aaue_preto-768x768.png 768w, https:\/\/www.encontroalumni.uevora.pt\/2025\/wp-content\/uploads\/sites\/8\/2025\/03\/aaue_preto.png 800w\" sizes=\"auto, (max-width: 150px) 100vw, 150px\" \/><\/a><\/figure><\/div><\/div>\n\n\n\n<div class=\"wp-block-column is-vertically-aligned-center is-layout-flow wp-block-column-is-layout-flow\"><div class=\"wp-block-image\">\n<figure class=\"aligncenter size-thumbnail\"><a href=\"https:\/\/deltacafes.com\/\" target=\"_blank\" rel=\" noreferrer noopener\"><img loading=\"lazy\" decoding=\"async\" width=\"150\" height=\"150\" src=\"https:\/\/www.encontroalumni.uevora.pt\/wp-content\/uploads\/2024\/04\/LOGO_DELTA_CAF\u00c9-150x150.png\" alt=\"\" class=\"wp-image-1693\" srcset=\"https:\/\/www.encontroalumni.uevora.pt\/2025\/wp-content\/uploads\/sites\/8\/2024\/04\/LOGO_DELTA_CAF\u00c9-150x150.png 150w, https:\/\/www.encontroalumni.uevora.pt\/2025\/wp-content\/uploads\/sites\/8\/2024\/04\/LOGO_DELTA_CAF\u00c9-300x300.png 300w, https:\/\/www.encontroalumni.uevora.pt\/2025\/wp-content\/uploads\/sites\/8\/2024\/04\/LOGO_DELTA_CAF\u00c9-644x644.png 644w, https:\/\/www.encontroalumni.uevora.pt\/2025\/wp-content\/uploads\/sites\/8\/2024\/04\/LOGO_DELTA_CAF\u00c9.png 691w\" sizes=\"auto, (max-width: 150px) 100vw, 150px\" \/><\/a><\/figure><\/div><\/div>\n<\/div>\n\n\n\n<div class=\"wp-block-columns is-layout-flex wp-container-core-columns-is-layout-3 wp-block-columns-is-layout-flex\">\n<div class=\"wp-block-column is-layout-flow wp-block-column-is-layout-flow\">\n<figure class=\"wp-block-image size-full\"><a href=\"https:\/\/www.sodrel.pt\/\" target=\"_blank\" rel=\" noreferrer noopener\"><img loading=\"lazy\" decoding=\"async\" width=\"792\" height=\"396\" src=\"https:\/\/www.encontroalumni.uevora.pt\/wp-content\/uploads\/2025\/03\/logo-SODREL.jpg\" alt=\"\" class=\"wp-image-1925\" srcset=\"https:\/\/www.encontroalumni.uevora.pt\/2025\/wp-content\/uploads\/sites\/8\/2025\/03\/logo-SODREL.jpg 792w, https:\/\/www.encontroalumni.uevora.pt\/2025\/wp-content\/uploads\/sites\/8\/2025\/03\/logo-SODREL-300x150.jpg 300w, https:\/\/www.encontroalumni.uevora.pt\/2025\/wp-content\/uploads\/sites\/8\/2025\/03\/logo-SODREL-644x322.jpg 644w, https:\/\/www.encontroalumni.uevora.pt\/2025\/wp-content\/uploads\/sites\/8\/2025\/03\/logo-SODREL-768x384.jpg 768w\" sizes=\"auto, (max-width: 792px) 100vw, 792px\" \/><\/a><\/figure>\n<\/div>\n\n\n\n<div class=\"wp-block-column is-vertically-aligned-center is-layout-flow wp-block-column-is-layout-flow\"><div class=\"wp-block-image\">\n<figure class=\"aligncenter size-large\"><a href=\"https:\/\/www.uevora.pt\/unidades\/organicas\/eartes\" target=\"_blank\" rel=\" noreferrer noopener\"><img loading=\"lazy\" decoding=\"async\" width=\"644\" height=\"129\" src=\"https:\/\/www.encontroalumni.uevora.pt\/wp-content\/uploads\/2025\/04\/Logo_EA-644x129.png\" alt=\"\" class=\"wp-image-1937\" srcset=\"https:\/\/www.encontroalumni.uevora.pt\/2025\/wp-content\/uploads\/sites\/8\/2025\/04\/Logo_EA-644x129.png 644w, https:\/\/www.encontroalumni.uevora.pt\/2025\/wp-content\/uploads\/sites\/8\/2025\/04\/Logo_EA-300x60.png 300w, https:\/\/www.encontroalumni.uevora.pt\/2025\/wp-content\/uploads\/sites\/8\/2025\/04\/Logo_EA-768x154.png 768w, https:\/\/www.encontroalumni.uevora.pt\/2025\/wp-content\/uploads\/sites\/8\/2025\/04\/Logo_EA-1536x308.png 1536w, https:\/\/www.encontroalumni.uevora.pt\/2025\/wp-content\/uploads\/sites\/8\/2025\/04\/Logo_EA-2048x411.png 2048w\" sizes=\"auto, (max-width: 644px) 100vw, 644px\" \/><\/a><\/figure><\/div><\/div>\n\n\n\n<div class=\"wp-block-column is-layout-flow wp-block-column-is-layout-flow\"><div class=\"wp-block-image\">\n<figure class=\"aligncenter size-full\"><a href=\"https:\/\/www.fea.pt\/\" target=\"_blank\" rel=\" noreferrer noopener\"><img loading=\"lazy\" decoding=\"async\" width=\"148\" height=\"148\" src=\"http:\/\/www.encontroalumni.uevora.pt\/wp-content\/uploads\/sites\/8\/2019\/05\/PARCEIROS-3-Funda\u00e7\u00e3o-Eug\u00e9nio-de-Almeida.jpg\" alt=\"\" class=\"wp-image-1034\" \/><\/a><\/figure><\/div><\/div>\n<\/div>\n\n\n\n<div class=\"wp-block-columns are-vertically-aligned-top is-layout-flex wp-container-core-columns-is-layout-4 wp-block-columns-is-layout-flex\">\n<div class=\"wp-block-column is-vertically-aligned-top is-layout-flow wp-block-column-is-layout-flow\"><div class=\"wp-block-image\">\n<figure class=\"aligncenter size-full is-resized\"><a href=\"https:\/\/sem-fim.com\/\" target=\"_blank\" rel=\" noreferrer noopener\"><img loading=\"lazy\" decoding=\"async\" width=\"831\" height=\"654\" src=\"https:\/\/www.encontroalumni.uevora.pt\/wp-content\/uploads\/2025\/06\/RESTAURANTE-SEM-FIM-preto.png\" alt=\"\" class=\"wp-image-1993\" style=\"width:180px\" srcset=\"https:\/\/www.encontroalumni.uevora.pt\/2025\/wp-content\/uploads\/sites\/8\/2025\/06\/RESTAURANTE-SEM-FIM-preto.png 831w, https:\/\/www.encontroalumni.uevora.pt\/2025\/wp-content\/uploads\/sites\/8\/2025\/06\/RESTAURANTE-SEM-FIM-preto-300x236.png 300w, https:\/\/www.encontroalumni.uevora.pt\/2025\/wp-content\/uploads\/sites\/8\/2025\/06\/RESTAURANTE-SEM-FIM-preto-644x507.png 644w, https:\/\/www.encontroalumni.uevora.pt\/2025\/wp-content\/uploads\/sites\/8\/2025\/06\/RESTAURANTE-SEM-FIM-preto-768x604.png 768w\" sizes=\"auto, (max-width: 831px) 100vw, 831px\" \/><\/a><\/figure><\/div><\/div>\n\n\n\n<div class=\"wp-block-column is-vertically-aligned-top is-layout-flow wp-block-column-is-layout-flow\"><div class=\"wp-block-image\">\n<figure class=\"aligncenter size-large\"><a href=\"https:\/\/eugreenalliance.eu\/\" target=\"_blank\" rel=\" noreferrer noopener\"><img loading=\"lazy\" decoding=\"async\" width=\"644\" height=\"457\" src=\"https:\/\/www.encontroalumni.uevora.pt\/wp-content\/uploads\/2025\/06\/main-logo-color-644x457.png\" alt=\"\" class=\"wp-image-1995\" srcset=\"https:\/\/www.encontroalumni.uevora.pt\/2025\/wp-content\/uploads\/sites\/8\/2025\/06\/main-logo-color-644x457.png 644w, https:\/\/www.encontroalumni.uevora.pt\/2025\/wp-content\/uploads\/sites\/8\/2025\/06\/main-logo-color-300x213.png 300w, https:\/\/www.encontroalumni.uevora.pt\/2025\/wp-content\/uploads\/sites\/8\/2025\/06\/main-logo-color-768x544.png 768w, https:\/\/www.encontroalumni.uevora.pt\/2025\/wp-content\/uploads\/sites\/8\/2025\/06\/main-logo-color-1536x1089.png 1536w, https:\/\/www.encontroalumni.uevora.pt\/2025\/wp-content\/uploads\/sites\/8\/2025\/06\/main-logo-color.png 1766w\" sizes=\"auto, (max-width: 644px) 100vw, 644px\" \/><\/a><\/figure><\/div><\/div>\n\n\n\n<div class=\"wp-block-column is-vertically-aligned-top is-layout-flow wp-block-column-is-layout-flow\"><\/div>\n<\/div>\n\n\n\n<hr class=\"wp-block-separator has-alpha-channel-opacity\" \/>\n\n\n\n<h3 class=\"wp-block-heading\"><strong><strong><strong><strong>Media Partner<\/strong><\/strong><\/strong><\/strong><\/h3>\n\n\n\n<div class=\"wp-block-columns is-layout-flex wp-container-core-columns-is-layout-5 wp-block-columns-is-layout-flex\">\n<div class=\"wp-block-column is-layout-flow wp-block-column-is-layout-flow\">\n<figure class=\"wp-block-image size-full\"><a href=\"https:\/\/www.dianafm.com\/\" target=\"_blank\" rel=\" noreferrer noopener\"><img loading=\"lazy\" decoding=\"async\" width=\"208\" height=\"150\" src=\"http:\/\/www.encontroalumni.uevora.pt\/wp-content\/uploads\/sites\/8\/2024\/04\/diana_logo.png\" alt=\"\" class=\"wp-image-1756\" \/><\/a><\/figure>\n<\/div>\n\n\n\n<div class=\"wp-block-column is-layout-flow wp-block-column-is-layout-flow\"><\/div>\n\n\n\n<div class=\"wp-block-column is-layout-flow wp-block-column-is-layout-flow\"><\/div>\n<\/div>\n\n\n\n<p><\/p>\n\n\n\n<div class=\"wp-block-group alignwide\"><div class=\"wp-block-group__inner-container is-layout-flow wp-block-group-is-layout-flow\">\n<hr class=\"wp-block-separator has-css-opacity\" \/>\n<\/div><\/div>\n\n\n\n<h3 class=\"wp-block-heading\"><strong><strong><strong><strong>Alojamentos<\/strong><\/strong><\/strong><\/strong><\/h3>\n\n\n\n<p><\/p>\n\n\n\n<div class=\"wp-block-columns is-layout-flex wp-container-core-columns-is-layout-6 wp-block-columns-is-layout-flex\">\n<div class=\"wp-block-column is-layout-flow wp-block-column-is-layout-flow\">\n<figure class=\"wp-block-image size-medium is-resized\"><a href=\"https:\/\/www.evorahotel.pt\/\" target=\"_blank\" rel=\" noreferrer noopener\"><img loading=\"lazy\" decoding=\"async\" width=\"300\" height=\"300\" src=\"https:\/\/www.encontroalumni.uevora.pt\/wp-content\/uploads\/2024\/03\/e\u0301vora-hotel-300x300.jpeg\" alt=\"\" class=\"wp-image-1597\" style=\"width:240px\" srcset=\"https:\/\/www.encontroalumni.uevora.pt\/2025\/wp-content\/uploads\/sites\/8\/2024\/03\/e\u0301vora-hotel-300x300.jpeg 300w, https:\/\/www.encontroalumni.uevora.pt\/2025\/wp-content\/uploads\/sites\/8\/2024\/03\/e\u0301vora-hotel-644x644.jpeg 644w, https:\/\/www.encontroalumni.uevora.pt\/2025\/wp-content\/uploads\/sites\/8\/2024\/03\/e\u0301vora-hotel-150x150.jpeg 150w, https:\/\/www.encontroalumni.uevora.pt\/2025\/wp-content\/uploads\/sites\/8\/2024\/03\/e\u0301vora-hotel-768x768.jpeg 768w, https:\/\/www.encontroalumni.uevora.pt\/2025\/wp-content\/uploads\/sites\/8\/2024\/03\/e\u0301vora-hotel.jpeg 1080w\" sizes=\"auto, (max-width: 300px) 100vw, 300px\" \/><\/a><\/figure>\n<\/div>\n\n\n\n<div class=\"wp-block-column is-layout-flow wp-block-column-is-layout-flow\">\n<h4 class=\"wp-block-heading\"><strong>\u00c9vora Hotel<\/strong><\/h4>\n\n\n\n<p>C\u00f3digo promocional para os participantes do evento, devendo as reservas ser efetuadas atrav\u00e9s do website <a href=\"https:\/\/www.evorahotel.pt\/\">www.evorahotel.pt\/<\/a>, com 10% de desconto sobre os valores do site.<\/p>\n\n\n\n<p>C\u00f3digo Promocional: <strong>E0517U<\/strong><\/p>\n\n\n\n<p>O c\u00f3digo \u00e9 v\u00e1lido para as noites de 26, 27 e 28 de junho, para o caso de algum participante querer chegar na v\u00e9spera ou ficar mais alguma noite.<\/p>\n<\/div>\n<\/div>\n\n\n\n<hr class=\"wp-block-separator has-alpha-channel-opacity\" \/>\n\n\n\n<div class=\"wp-block-columns is-layout-flex wp-container-core-columns-is-layout-7 wp-block-columns-is-layout-flex\">\n<div class=\"wp-block-column is-layout-flow wp-block-column-is-layout-flow\"><div class=\"wp-block-image\">\n<figure class=\"alignleft size-medium\"><a href=\"https:\/\/www.vitoriastonehotel.com\/\" target=\"_blank\" rel=\" noreferrer noopener\"><img loading=\"lazy\" decoding=\"async\" width=\"300\" height=\"137\" src=\"https:\/\/www.encontroalumni.uevora.pt\/wp-content\/uploads\/2025\/04\/vitoria-stone-hotel-logotipo-300x137.png\" alt=\"\" class=\"wp-image-1954\" srcset=\"https:\/\/www.encontroalumni.uevora.pt\/2025\/wp-content\/uploads\/sites\/8\/2025\/04\/vitoria-stone-hotel-logotipo-300x137.png 300w, https:\/\/www.encontroalumni.uevora.pt\/2025\/wp-content\/uploads\/sites\/8\/2025\/04\/vitoria-stone-hotel-logotipo.png 644w\" sizes=\"auto, (max-width: 300px) 100vw, 300px\" \/><\/a><\/figure><\/div><\/div>\n\n\n\n<div class=\"wp-block-column is-layout-flow wp-block-column-is-layout-flow\">\n<h4 class=\"wp-block-heading\"><strong>Vit\u00f3ria Stone<\/strong><\/h4>\n\n\n\n<p>C\u00f3digo promocional para os participantes do evento com 10% de desconto sobre as tarifas reembols\u00e1veis.<\/p>\n\n\n\n<p>C\u00f3digo Promocional: <strong><strong><em>alumni2025<\/em><\/strong><\/strong><\/p>\n\n\n\n<p>As reservas dever\u00e3o ser efetuadas atrav\u00e9s do website <a href=\"http:\/\/www.vitoriastonehotel.com\/\" target=\"_blank\" rel=\"noreferrer noopener\">www.vitoriastonehotel.com<\/a><\/p>\n<\/div>\n<\/div>\n\n\n\n<hr class=\"wp-block-separator has-alpha-channel-opacity\" \/>\n\n\n\n<div class=\"wp-block-columns is-layout-flex wp-container-core-columns-is-layout-8 wp-block-columns-is-layout-flex\">\n<div class=\"wp-block-column is-layout-flow wp-block-column-is-layout-flow\"><div class=\"wp-block-image\">\n<figure class=\"alignleft size-medium\"><a href=\"https:\/\/www.vilagale.com\/pt\" target=\"_blank\" rel=\" noreferrer noopener\"><img loading=\"lazy\" decoding=\"async\" width=\"300\" height=\"199\" src=\"http:\/\/www.encontroalumni.uevora.pt\/wp-content\/uploads\/sites\/8\/2024\/03\/Vila-Gale\u0301-300x199.jpeg\" alt=\"\" class=\"wp-image-1591\" srcset=\"https:\/\/www.encontroalumni.uevora.pt\/2025\/wp-content\/uploads\/sites\/8\/2024\/03\/Vila-Gale\u0301-300x199.jpeg 300w, https:\/\/www.encontroalumni.uevora.pt\/2025\/wp-content\/uploads\/sites\/8\/2024\/03\/Vila-Gale\u0301.jpeg 512w\" sizes=\"auto, (max-width: 300px) 100vw, 300px\" \/><\/a><\/figure><\/div><\/div>\n\n\n\n<div class=\"wp-block-column is-layout-flow wp-block-column-is-layout-flow\">\n<h4 class=\"wp-block-heading\"><strong>Vila Gal\u00e9 \u00c9vora<\/strong><\/h4>\n\n\n\n<p>Reservas&nbsp;exclusivamente atrav\u00e9s do website <a href=\"https:\/\/www.vilagale.com\/pt\">www.vilagale.com<\/a>, com 10% de desconto&nbsp;em todas as tipologias&nbsp;e n\u00e3o acumul\u00e1veis com outra campanha.<\/p>\n\n\n\n<p>C\u00f3digo Promocional: <strong><strong><strong>IVALUMNI<\/strong><\/strong><\/strong><\/p>\n\n\n\n<p>Per\u00edodo de estadia: <br>de 27\/06\/2025 a 29\/06\/2025<\/p>\n<\/div>\n<\/div>\n\n\n\n<hr class=\"wp-block-separator has-alpha-channel-opacity\" \/>\n\n\n\n<p><\/p>\n\n\n\n<div class=\"wp-block-group\"><div class=\"wp-block-group__inner-container is-layout-flow wp-block-group-is-layout-flow\">\n<div class=\"wp-block-columns is-layout-flex wp-container-core-columns-is-layout-9 wp-block-columns-is-layout-flex\">\n<div class=\"wp-block-column is-layout-flow wp-block-column-is-layout-flow\"><div class=\"wp-block-image\">\n<figure class=\"alignleft size-full\"><a href=\"http:\/\/www.hotelmoov.com\/\" target=\"_blank\" rel=\" noreferrer noopener\"><img loading=\"lazy\" decoding=\"async\" width=\"180\" height=\"180\" src=\"http:\/\/www.encontroalumni.uevora.pt\/wp-content\/uploads\/sites\/8\/2024\/03\/moov_red.png\" alt=\"\" class=\"wp-image-1510\" srcset=\"https:\/\/www.encontroalumni.uevora.pt\/2025\/wp-content\/uploads\/sites\/8\/2024\/03\/moov_red.png 180w, https:\/\/www.encontroalumni.uevora.pt\/2025\/wp-content\/uploads\/sites\/8\/2024\/03\/moov_red-150x150.png 150w\" sizes=\"auto, (max-width: 180px) 100vw, 180px\" \/><\/a><\/figure><\/div><\/div>\n\n\n\n<div class=\"wp-block-column is-layout-flow wp-block-column-is-layout-flow\">\n<h4 class=\"wp-block-heading\"><strong>Hotel Moov \u00c9vora<\/strong><\/h4>\n\n\n\n<p>As reservas&nbsp;poder\u00e3o ser efetuadas diretamente no website (<a href=\"http:\/\/www.hotelmoov.com\/\">www.hotelmoov.com<\/a>), sempre de forma individual e sempre mediante indica\u00e7\u00e3o do promocode.<\/p>\n\n\n\n<p>Per\u00edodo para realiza\u00e7\u00e3o de reservas: <br>de 17\/04\/2025 a 28\/06\/2025 (inclusive)<br>Per\u00edodo de estadias: <br>de 27\/06\/2025 a 29\/06\/2025 (inclusive)<\/p>\n\n\n\n<p>C\u00f3digo Promocional: <strong>IVALUMNI<\/strong><br>Estadia m\u00ednima: 2 noites<br><br>Desconto: 10% sobre a tarifa dispon\u00edvel, no momento da reserva, em regime de alojamento com pequeno-almo\u00e7o.<\/p>\n\n\n\n<p>Caso sejam detetadas para a mesma data&nbsp;mais de 4 reservas e\/ ou 4 quartos&nbsp;associados a apenas 1 h\u00f3spede \/ entidade\/ empresa aplicar-se-\u00e3o condi\u00e7\u00f5es distintas das confirmadas no nosso website.<\/p>\n\n\n\n<p>Por favor, note que trabalhamos com tarifas din\u00e2micas (n\u00e3o fixas), assim, o desconto proposto (n\u00e3o acumul\u00e1vel com outros descontos, ofertas e tarifas n\u00e3o reembols\u00e1veis) incidir\u00e1 sobre a tarifa standard em vigor no momento da reserva.&nbsp;<\/p>\n<\/div>\n<\/div>\n<\/div><\/div>\n\n\n\n<hr class=\"wp-block-separator has-alpha-channel-opacity\" \/>\n\n\n\n<div class=\"wp-block-columns is-layout-flex wp-container-core-columns-is-layout-10 wp-block-columns-is-layout-flex\">\n<div class=\"wp-block-column is-layout-flow wp-block-column-is-layout-flow\"><div class=\"wp-block-image\">\n<figure class=\"alignleft size-medium is-resized\"><a href=\"https:\/\/www.hilton.com\/en\/hotels\/liseagi-hilton-garden-inn-evora\/\" target=\"_blank\" rel=\" noreferrer noopener\"><img loading=\"lazy\" decoding=\"async\" width=\"300\" height=\"136\" src=\"https:\/\/www.encontroalumni.uevora.pt\/wp-content\/uploads\/2025\/05\/hiltonevora-300x136.jpg\" alt=\"\" class=\"wp-image-1967\" style=\"width:250px\" srcset=\"https:\/\/www.encontroalumni.uevora.pt\/2025\/wp-content\/uploads\/sites\/8\/2025\/05\/hiltonevora-300x136.jpg 300w, https:\/\/www.encontroalumni.uevora.pt\/2025\/wp-content\/uploads\/sites\/8\/2025\/05\/hiltonevora-644x292.jpg 644w, https:\/\/www.encontroalumni.uevora.pt\/2025\/wp-content\/uploads\/sites\/8\/2025\/05\/hiltonevora-768x348.jpg 768w, https:\/\/www.encontroalumni.uevora.pt\/2025\/wp-content\/uploads\/sites\/8\/2025\/05\/hiltonevora.jpg 910w\" sizes=\"auto, (max-width: 300px) 100vw, 300px\" \/><\/a><\/figure><\/div><\/div>\n\n\n\n<div class=\"wp-block-column is-layout-flow wp-block-column-is-layout-flow\">\n<h4 class=\"wp-block-heading\"><strong>Hilton Garden Inn \u00c9vora<\/strong><\/h4>\n\n\n\n<p>Desconto de 10% sobre a tarifa BAR (Melhor Tarifa Dispon\u00edvel) com pequeno-almo\u00e7o inclu\u00eddo.<\/p>\n\n\n\n<p>Todas as reservas devem ser efetuadas diretamente no site do hotel em: <a href=\"https:\/\/www.hilton.com\/en\/hotels\/liseagi-hilton-garden-inn-evora\">https:\/\/www.hilton.com\/en\/hotels\/liseagi-hilton-garden-inn-evora<\/a><\/p>\n\n\n\n<p>C\u00f3digo Promocional:&nbsp;<strong>3401867<\/strong><\/p>\n\n\n\n<p>Estadias de 25\/06\/2025 a 30\/06\/2025<\/p>\n\n\n\n<p>Procedimento de reserva que deve seguir para obter o desconto:<br>1. Colocar datas de estadia e n\u00famero de ocupantes;<br>2. Clicar em Check Rooms &amp; Rates;<br>3. Clicar em Special Rates;<br>4. Colocar o c\u00f3digo exclusivo no campo &#8220;Corporate Account&#8221; e clicar em Update;<br>5. Selecionar o quarto pretendido;<br>6. Insira os dados solicitados no formul\u00e1rio de reserva. <br>Ap\u00f3s concluir o processo, receber\u00e1 a confirma\u00e7\u00e3o de reserva no e-mail associado. <br><\/p>\n<\/div>\n<\/div>\n\n\n\n<p><\/p>\n","protected":false},"excerpt":{"rendered":"<p>Organiza\u00e7\u00e3o Patrocinadores Media Partner Alojamentos \u00c9vora Hotel C\u00f3digo promocional para os participantes do evento, devendo as reservas ser efetuadas atrav\u00e9s do website www.evorahotel.pt\/, com 10% de desconto sobre os valores do site. C\u00f3digo Promocional: E0517U O c\u00f3digo \u00e9 v\u00e1lido para as noites de 26, 27 e 28 de junho, para o caso de algum participante&#8230;<\/p>\n","protected":false},"author":5,"featured_media":0,"parent":0,"menu_order":0,"comment_status":"closed","ping_status":"closed","template":"","meta":{"footnotes":""},"class_list":["post-125","page","type-page","status-publish","hentry"],"_links":{"self":[{"href":"https:\/\/www.encontroalumni.uevora.pt\/2025\/wp-json\/wp\/v2\/pages\/125","targetHints":{"allow":["GET"]}}],"collection":[{"href":"https:\/\/www.encontroalumni.uevora.pt\/2025\/wp-json\/wp\/v2\/pages"}],"about":[{"href":"https:\/\/www.encontroalumni.uevora.pt\/2025\/wp-json\/wp\/v2\/types\/page"}],"author":[{"embeddable":true,"href":"https:\/\/www.encontroalumni.uevora.pt\/2025\/wp-json\/wp\/v2\/users\/5"}],"replies":[{"embeddable":true,"href":"https:\/\/www.encontroalumni.uevora.pt\/2025\/wp-json\/wp\/v2\/comments?post=125"}],"version-history":[{"count":76,"href":"https:\/\/www.encontroalumni.uevora.pt\/2025\/wp-json\/wp\/v2\/pages\/125\/revisions"}],"predecessor-version":[{"id":1998,"href":"https:\/\/www.encontroalumni.uevora.pt\/2025\/wp-json\/wp\/v2\/pages\/125\/revisions\/1998"}],"wp:attachment":[{"href":"https:\/\/www.encontroalumni.uevora.pt\/2025\/wp-json\/wp\/v2\/media?parent=125"}],"curies":[{"name":"wp","href":"https:\/\/api.w.org\/{rel}","templated":true}]}}