{"id":59,"date":"2017-12-06T17:10:50","date_gmt":"2017-12-06T17:10:50","guid":{"rendered":"http:\/\/www.encontroalumni.uevora.pt\/?page_id=59"},"modified":"2019-05-16T15:31:14","modified_gmt":"2019-05-16T15:31:14","slug":"testemunhos","status":"publish","type":"page","link":"https:\/\/www.encontroalumni.uevora.pt\/2019\/testemunhos\/","title":{"rendered":"Testemunhos"},"content":{"rendered":"<p>&nbsp;<\/p>\n<table>\n<tbody>\n<tr>\n<td width=\"30%\"><img loading=\"lazy\" decoding=\"async\" class=\"alignnone wp-image-909 size-medium\" src=\"http:\/\/www.encontroalumni.uevora.pt\/wp-content\/uploads\/sites\/6\/2019\/04\/Carlos-Sez\u00f5es_High-277x300.jpg\" alt=\"\" width=\"277\" height=\"300\" srcset=\"https:\/\/www.encontroalumni.uevora.pt\/2019\/wp-content\/uploads\/sites\/6\/2019\/04\/Carlos-Sez\u00f5es_High-277x300.jpg 277w, https:\/\/www.encontroalumni.uevora.pt\/2019\/wp-content\/uploads\/sites\/6\/2019\/04\/Carlos-Sez\u00f5es_High.jpg 500w\" sizes=\"auto, (max-width: 277px) 100vw, 277px\" \/><\/td>\n<td width=\"70%\"><strong>Carlos Sez\u00f5es<\/strong><br \/>\n<strong>Alumnus de Gest\u00e3o de Empresas<\/strong>Os Alumni s\u00e3o os grandes embaixadores de qualquer grande universidade. Quando mobilizados, podem potenciar o desenvolvimento de uma verdadeira rede interactiva, incentivadora de rela\u00e7\u00f5es de conviv\u00eancia e solidariedade profissional entre antigos e actuais alunos; podem partilhar experi\u00eancias e know-how relevante; e, claro, cooperar com a sua Universidade, em particular com os alunos e docentes, na busca da excel\u00eancia no ensino superior e de uma melhor interliga\u00e7\u00e3o meio acad\u00e9mico \u2013 mercado de trabalho.<\/td>\n<\/tr>\n<tr>\n<td><em><img loading=\"lazy\" decoding=\"async\" class=\"alignnone wp-image-912 size-medium\" src=\"http:\/\/www.encontroalumni.uevora.pt\/wp-content\/uploads\/sites\/6\/2019\/04\/Jorge-Marcelo-300x225.jpg\" alt=\"\" width=\"300\" height=\"225\" srcset=\"https:\/\/www.encontroalumni.uevora.pt\/2019\/wp-content\/uploads\/sites\/6\/2019\/04\/Jorge-Marcelo-300x225.jpg 300w, https:\/\/www.encontroalumni.uevora.pt\/2019\/wp-content\/uploads\/sites\/6\/2019\/04\/Jorge-Marcelo-768x576.jpg 768w, https:\/\/www.encontroalumni.uevora.pt\/2019\/wp-content\/uploads\/sites\/6\/2019\/04\/Jorge-Marcelo-644x483.jpg 644w, https:\/\/www.encontroalumni.uevora.pt\/2019\/wp-content\/uploads\/sites\/6\/2019\/04\/Jorge-Marcelo.jpg 1600w\" sizes=\"auto, (max-width: 300px) 100vw, 300px\" \/><\/em><\/td>\n<td><strong>Jo\u00e3o Marcelo<\/strong><br \/>\n<strong>Alumnus<br \/>\n<\/strong>Reencontrar colegas, muitos deles com quem j\u00e1 tinha perdido o contacto, foi, para mim, aquilo que me fez deslocar a \u00c9vora no I Encontro Alumni.Algo, que j\u00e1 t\u00ednhamos ensaiado quando comemor\u00e1mos os 25 anos da entrada na Universidade, num encontro que reuniu os alunos de Engenhar\u00eda Agr\u00edcola, Zoot\u00e9cnica e Arquitectura Paisagista de 1981 a 1986,\u00a0 num encontro organizado por n\u00f3s.Nesse primeiro ano da Universidade, com turmas que tinham elementos destes tr\u00eas cursos, criaram-se rela\u00e7\u00f5es que ainda hoje perduram. Tanto a n\u00edvel pessoal, como a n\u00edvel profissional.O orgulho de termos frequentado esta Universidade \u00e9 patente, tal como foi ver o crescimento desta institui\u00e7\u00e3o, hoje com in\u00fameros cursos, alunos, instala\u00e7\u00f5es, Saber.Uma Universidade faz-se de Conhecimento, mas tamb\u00e9m de pessoas que espalhem esse saber adquirido na sua vida. Acumulando Experi\u00eancias.Devido \u00e0 dispers\u00e3o geogr\u00e1fica, muitos de n\u00f3s perderam o contacto com esta escola, pelo que ser\u00e1 necess\u00e1rio cham\u00e1-los de novo. Eles vir\u00e3o.<\/td>\n<\/tr>\n<tr>\n<td colspan=\"2\"><\/td>\n<\/tr>\n<tr>\n<td><img loading=\"lazy\" decoding=\"async\" class=\"alignnone wp-image-915 size-medium\" src=\"http:\/\/www.encontroalumni.uevora.pt\/wp-content\/uploads\/sites\/6\/2019\/04\/Sergio_LinkedIn-300x300.jpg\" alt=\"\" width=\"300\" height=\"300\" srcset=\"https:\/\/www.encontroalumni.uevora.pt\/2019\/wp-content\/uploads\/sites\/6\/2019\/04\/Sergio_LinkedIn-300x300.jpg 300w, https:\/\/www.encontroalumni.uevora.pt\/2019\/wp-content\/uploads\/sites\/6\/2019\/04\/Sergio_LinkedIn-150x150.jpg 150w, https:\/\/www.encontroalumni.uevora.pt\/2019\/wp-content\/uploads\/sites\/6\/2019\/04\/Sergio_LinkedIn.jpg 414w\" sizes=\"auto, (max-width: 300px) 100vw, 300px\" \/><\/td>\n<td><strong>S\u00e9rgio Fontes<\/strong><br \/>\n<strong>Alumnus de Matem\u00e1tica Aplicada<\/strong>Muito mudou no Ensino Universit\u00e1rio desde 1995, do relacionamento \u00e0s formas de intera\u00e7\u00e3o entre os alunos e a institui\u00e7\u00e3o. Os desafios que se colocam \u00e0s institui\u00e7\u00f5es universit\u00e1rias e o \u201cmercado\u201d em que atuam exigem muito mais e nesse sentido, o Programa Alumni pode ter um papel determinante eliminando barreiras que embora invis\u00edveis est\u00e3o bem presentes. Se na d\u00e9cada de 90 t\u00ednhamos pouca informa\u00e7\u00e3o hoje o desafio \u00e9 saber sobreviver no meio de tanta informa\u00e7\u00e3o. Envolver os antigos alunos atrav\u00e9s de iniciativas em que os mesmos possam partilhar, com os atuais alunos da U.E., o seu percurso, o falhan\u00e7o e o sucesso na sua experi\u00eancia profissional ou ambiente acad\u00e9mico poder\u00e1 ser determinante na forma\u00e7\u00e3o dos novos alunos n\u00e3o s\u00f3 com profissionais mas como indiv\u00edduos. Considero determinante que para se afirmar de forma diferenciada a U.E. dever\u00e1 potenciar o relacionamento entre os antigos e os atuais alunos n\u00e3o apenas em encontros anuais, que considero importantes mas tamb\u00e9m, em iniciativas durante o per\u00edodo de aulas onde, de forma informal, possam interagir trocando experi\u00eancias e opini\u00f5es.<\/td>\n<\/tr>\n<tr>\n<td><img loading=\"lazy\" decoding=\"async\" class=\"alignnone wp-image-918 size-medium\" src=\"http:\/\/www.encontroalumni.uevora.pt\/wp-content\/uploads\/sites\/6\/2019\/04\/Foto-261x300.png\" alt=\"\" width=\"261\" height=\"300\" srcset=\"https:\/\/www.encontroalumni.uevora.pt\/2019\/wp-content\/uploads\/sites\/6\/2019\/04\/Foto-261x300.png 261w, https:\/\/www.encontroalumni.uevora.pt\/2019\/wp-content\/uploads\/sites\/6\/2019\/04\/Foto.png 282w\" sizes=\"auto, (max-width: 261px) 100vw, 261px\" \/><\/td>\n<td><strong>Teresa Sousa Tavares<\/strong><br \/>\n<strong>Alumna de Biologia e Geologia, via ensino (89\/94); mestrado em Ci\u00eancias da Educa\u00e7\u00e3o (96\/99);\u00a0<\/strong><b>Doutoramento em Ci\u00eancias da Educa\u00e7\u00e3o (09\/14)<\/b>Tendo os momentos que vivi na Universidade, sido dos melhores da minha vida, assim que soube que, no dia 3 de Mar\u00e7o de 2018, iria ter lugar o I Encontro Alumni U\u00c9vora, comecei logo a divulgar junto dos(as) \u201cBiGecas 89\/94\u201d (Alumni de Biologia e Geologia, de 89\/94), afim de juntar o maior n\u00famero poss\u00edvel de colegas. Rapidamente contagiei, com o meu \u00a0entusiasmo, os colegas mais pr\u00f3ximos.Quando, no dia 3 de mar\u00e7o, entr\u00e1mos na nossa U\u00c9vora, rapidamente regredimos no tempo quase trinta anos e volt\u00e1mos aos nossos inesquec\u00edveis tempos de estudantes. Record\u00e1mos e revivemos os melhores momentos das nossas vidas, reencontr\u00e1mos colegas do nosso e de outros cursos, volt\u00e1mos aos claustros e aos corredores da nossa U\u00c9, cant\u00e1mos, dan\u00e7\u00e1mos e chor\u00e1mos de emo\u00e7\u00e3o ao som das Tunas, brind\u00e1mos aos tempos vividos\u2026 Se o tempo n\u00e3o volta para tr\u00e1s, pelo menos, podemos reviv\u00ea-lo nestes encontros anuais, onde podemos reencontrar amigos que fizemos para a vida e onde obtivemos forma\u00e7\u00e3o para a nossa vida profissional e pessoal.Aguardo com ansiedade o II Encontro Alumni U\u00c9vora!!\u201cA Universidade de \u00c9vora,A casa que nos juntou\u00c9 a mais linda, mais bela,Que Deus ao mundo deitou!\u201d<\/td>\n<\/tr>\n<tr>\n<td colspan=\"2\"><\/td>\n<\/tr>\n<tr>\n<td><img loading=\"lazy\" decoding=\"async\" class=\"alignnone size-medium wp-image-1001\" src=\"http:\/\/www.encontroalumni.uevora.pt\/wp-content\/uploads\/sites\/6\/2019\/05\/Jesus-Costa-Sousa-300x300.jpg\" alt=\"\" width=\"300\" height=\"300\" srcset=\"https:\/\/www.encontroalumni.uevora.pt\/2019\/wp-content\/uploads\/sites\/6\/2019\/05\/Jesus-Costa-Sousa-300x300.jpg 300w, https:\/\/www.encontroalumni.uevora.pt\/2019\/wp-content\/uploads\/sites\/6\/2019\/05\/Jesus-Costa-Sousa-150x150.jpg 150w, https:\/\/www.encontroalumni.uevora.pt\/2019\/wp-content\/uploads\/sites\/6\/2019\/05\/Jesus-Costa-Sousa-768x768.jpg 768w, https:\/\/www.encontroalumni.uevora.pt\/2019\/wp-content\/uploads\/sites\/6\/2019\/05\/Jesus-Costa-Sousa-644x644.jpg 644w, https:\/\/www.encontroalumni.uevora.pt\/2019\/wp-content\/uploads\/sites\/6\/2019\/05\/Jesus-Costa-Sousa.jpg 2047w\" sizes=\"auto, (max-width: 300px) 100vw, 300px\" \/><\/td>\n<td><strong>Maria de Jesus Costa Sousa, <\/strong><\/p>\n<p><strong>alumna\u00a0Sociologia 91\/96<\/strong><\/p>\n<p>&#8220;As expectativas est\u00e3o em alta para este ll encontro! O l foi extraordin\u00e1rio, por ser o primeiro, pelo modo como nos &#8220;ofereceram&#8221; a nossa Universidade&#8230; todos os espa\u00e7os, os corredores, a Mitra..\u00a0 foi uma conjuga\u00e7\u00e3o perfeita de luz, cheiros, sabores e sons, recheada de emo\u00e7\u00f5es fortes, de beijos e abra\u00e7os de saudades e acima de modernidade permitindo-nos perceber que tamb\u00e9m o futuro \u00e9 UE e n\u00f3s fazemos parte dele.&#8221;<\/p>\n<p>PS: Na fotografia Sociologia e Matem\u00e1tica Aplicada (91\/96)<\/td>\n<\/tr>\n<tr>\n<td><img loading=\"lazy\" decoding=\"async\" class=\"alignnone size-medium wp-image-1010\" src=\"http:\/\/www.encontroalumni.uevora.pt\/wp-content\/uploads\/sites\/6\/2019\/05\/Ana-Filipa-Ferreira-300x300.jpg\" alt=\"\" width=\"300\" height=\"300\" srcset=\"https:\/\/www.encontroalumni.uevora.pt\/2019\/wp-content\/uploads\/sites\/6\/2019\/05\/Ana-Filipa-Ferreira-300x300.jpg 300w, https:\/\/www.encontroalumni.uevora.pt\/2019\/wp-content\/uploads\/sites\/6\/2019\/05\/Ana-Filipa-Ferreira-150x150.jpg 150w, https:\/\/www.encontroalumni.uevora.pt\/2019\/wp-content\/uploads\/sites\/6\/2019\/05\/Ana-Filipa-Ferreira.jpg 480w\" sizes=\"auto, (max-width: 300px) 100vw, 300px\" \/><\/td>\n<td><strong>Ana Filipa Ferreira, alumna\u00a0<\/strong><\/p>\n<p>Foi com grande entusiasmo que confirmei a minha presen\u00e7a no II Encontro Alumni da Universidade de \u00c9vora. Estive no primeiro encontro e foi mais um dia que passei na nossa UE que vou recordar com muito carinho!<\/p>\n<p>Na UE obtive as ferramentas para desenvolver a minha vida profissional, mas, acima de tudo, foi onde aprendi o verdadeiro valor da amizade e da fraternidade, a respeitar as diferentes opini\u00f5es e a lutar pelas minhas convic\u00e7\u00f5es. Por isso quero sempre voltar \u00e0 UE onde \u00e9 garantido um reencontro com o melhor que a vida tem, os amigos, as recorda\u00e7\u00f5es, a alegria, a Saudade!<\/td>\n<\/tr>\n<tr>\n<td colspan=\"2\"><\/td>\n<\/tr>\n<tr>\n<td><img loading=\"lazy\" decoding=\"async\" class=\"alignnone size-medium wp-image-1058\" src=\"http:\/\/www.encontroalumni.uevora.pt\/wp-content\/uploads\/sites\/6\/2019\/05\/Mauro-de-Jesus-Sousa-300x300.jpg\" alt=\"\" width=\"300\" height=\"300\" srcset=\"https:\/\/www.encontroalumni.uevora.pt\/2019\/wp-content\/uploads\/sites\/6\/2019\/05\/Mauro-de-Jesus-Sousa-300x300.jpg 300w, https:\/\/www.encontroalumni.uevora.pt\/2019\/wp-content\/uploads\/sites\/6\/2019\/05\/Mauro-de-Jesus-Sousa-150x150.jpg 150w, https:\/\/www.encontroalumni.uevora.pt\/2019\/wp-content\/uploads\/sites\/6\/2019\/05\/Mauro-de-Jesus-Sousa.jpg 606w\" sizes=\"auto, (max-width: 300px) 100vw, 300px\" \/><\/td>\n<td>\n<div>\n<p><strong>Mauro de Jesus Sousa<\/strong><\/p>\n<p><strong>Alumnus<\/strong><\/p>\n<p>Foi bastante gratificante a participa\u00e7\u00e3o no I Encontro Alumni de tal forma que pretendo repetir este ano.<\/p>\n<p>Adorei rever antigos colegas de Universidade e participar nas atividades propostas que foram bem animadas (em especial o espa\u00e7o de dan\u00e7a no col\u00e9gio Espirito Santo no final do dia).<\/p>\n<\/div>\n<div><\/div>\n<div><\/div>\n<\/td>\n<\/tr>\n<tr>\n<td><img loading=\"lazy\" decoding=\"async\" class=\"alignnone size-medium wp-image-1070\" src=\"http:\/\/www.encontroalumni.uevora.pt\/wp-content\/uploads\/sites\/6\/2019\/05\/Ana-Garcia-151x300.jpg\" alt=\"\" width=\"151\" height=\"300\" srcset=\"https:\/\/www.encontroalumni.uevora.pt\/2019\/wp-content\/uploads\/sites\/6\/2019\/05\/Ana-Garcia-151x300.jpg 151w, https:\/\/www.encontroalumni.uevora.pt\/2019\/wp-content\/uploads\/sites\/6\/2019\/05\/Ana-Garcia.jpg 378w\" sizes=\"auto, (max-width: 151px) 100vw, 151px\" \/><\/td>\n<td><strong>Ana Garcia<\/strong><\/p>\n<p>Ter estado no Encontro em 2018, foi como viajar no tempo a uma das fases mais gratificantes da vida, a acad\u00e9mica. Os ensinamentos, as experi\u00eancias, as amizades para a Vida, tiveram na\u00a0 reuni\u00e3o de Mar\u00e7o de 2018 uma bel\u00edssima celebra\u00e7\u00e3o. Fui arrebatada por uma nostalgia boa e voltei a ver espa\u00e7os, pessoas e a mim pr\u00f3pria com os olhos de h\u00e1 mais de 20 anos atr\u00e1s. Ter celebrado tudo isto, dan\u00e7ando nos Clautros da Universidade foi um momento \u00fanico e digno de registo! Certa que toda essa energia se repetir\u00e1, \u00e9 com muito gosto que voltarei a marcar presen\u00e7a no Evento deste ano. Obrigada!<\/td>\n<\/tr>\n<tr>\n<td><img loading=\"lazy\" decoding=\"async\" class=\"alignnone size-medium wp-image-1082\" src=\"http:\/\/www.encontroalumni.uevora.pt\/wp-content\/uploads\/sites\/6\/2019\/05\/Eu-300x265.jpg\" alt=\"\" width=\"300\" height=\"265\" srcset=\"https:\/\/www.encontroalumni.uevora.pt\/2019\/wp-content\/uploads\/sites\/6\/2019\/05\/Eu-300x265.jpg 300w, https:\/\/www.encontroalumni.uevora.pt\/2019\/wp-content\/uploads\/sites\/6\/2019\/05\/Eu-768x678.jpg 768w, https:\/\/www.encontroalumni.uevora.pt\/2019\/wp-content\/uploads\/sites\/6\/2019\/05\/Eu-644x568.jpg 644w, https:\/\/www.encontroalumni.uevora.pt\/2019\/wp-content\/uploads\/sites\/6\/2019\/05\/Eu.jpg 1817w\" sizes=\"auto, (max-width: 300px) 100vw, 300px\" \/><\/td>\n<td>\n<div><strong>Gabriela Lopes<\/strong><\/div>\n<div><strong>Engenharia Zoot\u00e9cnica<\/strong><\/div>\n<div><strong>1986-1991<\/strong><\/div>\n<div><\/div>\n<p>Quando me pediram umas palavras sobre as minhas expectativas perante I Encontro Alumni, escrevi: \u201cReencontrar rostos e cora\u00e7\u00f5es, reviver os excelentes momentos vividos, voltar a contar as loucuras, as aventuras e desventuras vividas juntos, voltar a rir, e possivelmente chorar, com quem partilhou alguns dos anos mais felizes da nossa vida, \u00e9 uma ocasi\u00e3o que n\u00e3o podia perder.\u201d.<\/p>\n<p>Se assim escrevi antes, depois desse I Encontro posso afirmar que foi muito mais do que esperava. N\u00e3o \u00e9 f\u00e1cil descrever como fomos bem recebidos, como tudo foi pensado para nos sentirmos felizes no regresso a casa, como os atuais alunos estiveram ali para n\u00f3s. O facto de quase toda a componente social ter decorrido na pr\u00f3pria Universidade foi incr\u00edvel. Aqueles corredores, tantas vezes palmilhados, estavam encantadores\u2026 o jantar \u00e0 m\u00e9dia luz, a anima\u00e7\u00e3o (o m\u00e1gico era maravilhoso, fazia magia a s\u00e9rio), o poder dan\u00e7ar e conviver naquele espa\u00e7o, tornou o I Encontro ainda mais emotivo.<\/p>\n<p>Sim, \u00e9 verdade que esperava encontrar mais colegas, especialmente alguns dos que me eram mais pr\u00f3ximos; sim, \u00e9 verdade que n\u00e3o foi agrad\u00e1vel verificar a aus\u00eancia quase total dos docentes, que obviamente tamb\u00e9m fazem parte da \u201cnossa casa\u201d, mas no global foi magn\u00edfico. Um conv\u00edvio saud\u00e1vel entre gera\u00e7\u00f5es, colegas que se reencontraram passados mais de trinta anos, colegas que se conheceram na casa comum, dan\u00e7ou-se, riu-se, recordou-se um passado que todos sentem com emo\u00e7\u00e3o\u2026 foi \u00fanico! Ou melhor, felizmente n\u00e3o foi \u00fanico porque o II Encontro est\u00e1 a chegar e garantidamente o n\u00famero de participantes ser\u00e1 ainda mais elevado.<\/p>\n<p>Obrigada e at\u00e9 dia 25 de maio!<\/td>\n<\/tr>\n<tr>\n<td><img loading=\"lazy\" decoding=\"async\" class=\"alignnone size-medium wp-image-1091\" src=\"http:\/\/www.encontroalumni.uevora.pt\/wp-content\/uploads\/sites\/6\/2019\/05\/Paula-Rosado-Maria-185x300.jpg\" alt=\"\" width=\"185\" height=\"300\" srcset=\"https:\/\/www.encontroalumni.uevora.pt\/2019\/wp-content\/uploads\/sites\/6\/2019\/05\/Paula-Rosado-Maria-185x300.jpg 185w, https:\/\/www.encontroalumni.uevora.pt\/2019\/wp-content\/uploads\/sites\/6\/2019\/05\/Paula-Rosado-Maria.jpg 480w\" sizes=\"auto, (max-width: 185px) 100vw, 185px\" \/><\/td>\n<td><strong>Paula Rosado Maria<\/strong><\/p>\n<p><strong>Portugu\u00eas-Franc\u00eas (1989)<\/strong><\/p>\n<p>\u00c9 com muito gosto que regresso \u00e0 Universidade de \u00c9vora para mais um encontro com aqueles que por aqui passaram, revendo Amigos e Colegas dos diferentes cursos.<br \/>\nEsta institui\u00e7\u00e3o \u00e9 uma refer\u00eancia para todos n\u00f3s.<br \/>\nSou do ano 1989, curso de Portugu\u00eas-Franc\u00eas (ensino de). Sou professora h\u00e1 25 anos e a Universidade de \u00c9vora abriu-me o caminho para uma vida profissional muito rica em experi\u00eancias quer humanas, quer acad\u00e9micas.<br \/>\nFui membro do CORUE e recordo com saudade todos os momentos que a vida acad\u00e9mica me proporcionou. A passagem pela universidade de \u00c9vora permitiu-me conhecer pessoas que hoje s\u00e3o uma refer\u00eancia para mim, pela amizade e pelo seu percurso acad\u00e9mico e profissional.<br \/>\nRecomendo a todos a estarem presentes, sozinhos ou acompanhados, pois nesta casa de t\u00e3o magnas mem\u00f3rias ningu\u00e9m se vai sentir s\u00f3.<br \/>\nMuito grata \u00e0 Universidade de \u00c9vora, sempre!!!<br \/>\nAt\u00e9 dia 25 de maio!!!<\/td>\n<\/tr>\n<tr>\n<td style=\"text-align: center\" colspan=\"2\"><\/td>\n<\/tr>\n<tr>\n<td style=\"text-align: center\" colspan=\"2\"><\/td>\n<\/tr>\n<tr>\n<td style=\"text-align: center\" colspan=\"2\"><\/td>\n<\/tr>\n<tr>\n<td><img loading=\"lazy\" decoding=\"async\" class=\"alignnone size-medium wp-image-1103\" src=\"http:\/\/www.encontroalumni.uevora.pt\/wp-content\/uploads\/sites\/6\/2019\/05\/Regina-Menino-2019-150x300.jpg\" alt=\"\" width=\"150\" height=\"300\" srcset=\"https:\/\/www.encontroalumni.uevora.pt\/2019\/wp-content\/uploads\/sites\/6\/2019\/05\/Regina-Menino-2019-150x300.jpg 150w, https:\/\/www.encontroalumni.uevora.pt\/2019\/wp-content\/uploads\/sites\/6\/2019\/05\/Regina-Menino-2019-768x1536.jpg 768w, https:\/\/www.encontroalumni.uevora.pt\/2019\/wp-content\/uploads\/sites\/6\/2019\/05\/Regina-Menino-2019-644x1288.jpg 644w, https:\/\/www.encontroalumni.uevora.pt\/2019\/wp-content\/uploads\/sites\/6\/2019\/05\/Regina-Menino-2019.jpg 1024w\" sizes=\"auto, (max-width: 150px) 100vw, 150px\" \/><\/td>\n<td><strong>Regina Menino<\/strong><\/p>\n<p>Estes encontros s\u00e3o uma forma de dinamizar o contacto entre antigos alunos que seguiram os seus rumos e que aproveitam estas oportunidades para se reverem, recordar velhos tempos e reatar amizades.<\/td>\n<\/tr>\n<tr>\n<td><img loading=\"lazy\" decoding=\"async\" class=\"alignnone size-medium wp-image-1109\" src=\"http:\/\/www.encontroalumni.uevora.pt\/wp-content\/uploads\/sites\/6\/2019\/05\/Lu\u00eds-Prates-300x300.jpg\" alt=\"\" width=\"300\" height=\"300\" srcset=\"https:\/\/www.encontroalumni.uevora.pt\/2019\/wp-content\/uploads\/sites\/6\/2019\/05\/Lu\u00eds-Prates-300x300.jpg 300w, https:\/\/www.encontroalumni.uevora.pt\/2019\/wp-content\/uploads\/sites\/6\/2019\/05\/Lu\u00eds-Prates-150x150.jpg 150w, https:\/\/www.encontroalumni.uevora.pt\/2019\/wp-content\/uploads\/sites\/6\/2019\/05\/Lu\u00eds-Prates-768x768.jpg 768w, https:\/\/www.encontroalumni.uevora.pt\/2019\/wp-content\/uploads\/sites\/6\/2019\/05\/Lu\u00eds-Prates-644x644.jpg 644w, https:\/\/www.encontroalumni.uevora.pt\/2019\/wp-content\/uploads\/sites\/6\/2019\/05\/Lu\u00eds-Prates.jpg 960w\" sizes=\"auto, (max-width: 300px) 100vw, 300px\" \/><\/td>\n<td>Luis Miguel Prates<\/p>\n<p>&#8220;Somos (tamb\u00e9m) o que sentimos<br \/>\nEntre 1991 e 1996, nesta nossa casa, mastiguei os dias, \u00e1vido do amanh\u00e3 e, hoje, vinte e alguns anos depois, temo a rapidez do calend\u00e1rio e a urg\u00eancia do tempo\u2026.<br \/>\nN\u00e3o sei por que raz\u00e3o, se por ventos mornos que me sopram mem\u00f3rias, se pela rapidez com que o futuro se torna o presente, sinto a saudade dos passos e das vozes, dos corredores, das pessoas, dos dias foragidos e das (in)certezas imberbes.<br \/>\nHoje, alimento-me da luz de outros dias e ou\u00e7o j\u00e1 outras gargalhadas, sigo outros rel\u00f3gios (biom\u00e9trico), conhe\u00e7o outros nomes e acedo a sorrisos que me chamam pai\u2026<br \/>\nConstru\u00ed-me!<br \/>\nInevitavelmente, hoje, sou mais.<br \/>\nMas n\u00e3o cresci sozinho.<br \/>\nConstru\u00ed-me tamb\u00e9m na UE.<br \/>\nO meu futuro (profissional e pessoal) tra\u00e7ou-se nesta casa.<br \/>\nO que sou, o que somos, \u00e9 b\u00fassola de um caminho que foi comum.<br \/>\nSou o que sinto!<br \/>\nSinto-me grato.<br \/>\nE sinto saudade! (tamb\u00e9m)<br \/>\nObrigado.<\/td>\n<\/tr>\n<tr>\n<td style=\"text-align: center\" colspan=\"2\"><\/td>\n<\/tr>\n<\/tbody>\n<\/table>\n<p>&nbsp;<\/p>\n<table>\n<tbody>\n<tr>\n<td><\/td>\n<td>&nbsp;<\/p>\n<p>&nbsp;<\/td>\n<\/tr>\n<tr>\n<td><\/td>\n<td><\/td>\n<\/tr>\n<tr>\n<td style=\"text-align: center\" colspan=\"2\"><\/td>\n<\/tr>\n<\/tbody>\n<\/table>\n<table>\n<tbody>\n<tr>\n<td><\/td>\n<td><\/td>\n<\/tr>\n<tr>\n<td><\/td>\n<td><\/td>\n<\/tr>\n<tr>\n<td style=\"text-align: center\" colspan=\"2\"><\/td>\n<\/tr>\n<\/tbody>\n<\/table>\n","protected":false},"excerpt":{"rendered":"<p>&nbsp; Carlos Sez\u00f5es Alumnus de Gest\u00e3o de EmpresasOs Alumni s\u00e3o os grandes embaixadores de qualquer grande universidade. Quando mobilizados, podem potenciar o desenvolvimento de uma verdadeira rede interactiva, incentivadora de rela\u00e7\u00f5es de conviv\u00eancia e solidariedade profissional entre antigos e actuais alunos; podem partilhar experi\u00eancias e know-how relevante; e, claro, cooperar com a sua Universidade, em&#8230;<\/p>\n","protected":false},"author":5,"featured_media":0,"parent":0,"menu_order":0,"comment_status":"closed","ping_status":"closed","template":"","meta":{"footnotes":""},"class_list":["post-59","page","type-page","status-publish","hentry"],"_links":{"self":[{"href":"https:\/\/www.encontroalumni.uevora.pt\/2019\/wp-json\/wp\/v2\/pages\/59","targetHints":{"allow":["GET"]}}],"collection":[{"href":"https:\/\/www.encontroalumni.uevora.pt\/2019\/wp-json\/wp\/v2\/pages"}],"about":[{"href":"https:\/\/www.encontroalumni.uevora.pt\/2019\/wp-json\/wp\/v2\/types\/page"}],"author":[{"embeddable":true,"href":"https:\/\/www.encontroalumni.uevora.pt\/2019\/wp-json\/wp\/v2\/users\/5"}],"replies":[{"embeddable":true,"href":"https:\/\/www.encontroalumni.uevora.pt\/2019\/wp-json\/wp\/v2\/comments?post=59"}],"version-history":[{"count":60,"href":"https:\/\/www.encontroalumni.uevora.pt\/2019\/wp-json\/wp\/v2\/pages\/59\/revisions"}],"predecessor-version":[{"id":1115,"href":"https:\/\/www.encontroalumni.uevora.pt\/2019\/wp-json\/wp\/v2\/pages\/59\/revisions\/1115"}],"wp:attachment":[{"href":"https:\/\/www.encontroalumni.uevora.pt\/2019\/wp-json\/wp\/v2\/media?parent=59"}],"curies":[{"name":"wp","href":"https:\/\/api.w.org\/{rel}","templated":true}]}}