{"id":50,"date":"2017-12-06T17:10:01","date_gmt":"2017-12-06T17:10:01","guid":{"rendered":"http:\/\/www.encontroalumni.uevora.pt\/?page_id=50"},"modified":"2019-05-17T14:50:56","modified_gmt":"2019-05-17T14:50:56","slug":"inscricao","status":"publish","type":"page","link":"https:\/\/www.encontroalumni.uevora.pt\/2019\/inscricao\/","title":{"rendered":"Inscri\u00e7\u00e3o"},"content":{"rendered":"<p>&nbsp;<\/p>\n<p><img loading=\"lazy\" decoding=\"async\" class=\"alignnone size-full wp-image-1154\" src=\"http:\/\/www.encontroalumni.uevora.pt\/wp-content\/uploads\/sites\/6\/2019\/05\/inscri\u00e7\u00e3o-c\u00f3pia.png\" alt=\"\" width=\"1020\" height=\"308\" srcset=\"https:\/\/www.encontroalumni.uevora.pt\/2019\/wp-content\/uploads\/sites\/6\/2019\/05\/inscri\u00e7\u00e3o-c\u00f3pia.png 1020w, https:\/\/www.encontroalumni.uevora.pt\/2019\/wp-content\/uploads\/sites\/6\/2019\/05\/inscri\u00e7\u00e3o-c\u00f3pia-300x91.png 300w, https:\/\/www.encontroalumni.uevora.pt\/2019\/wp-content\/uploads\/sites\/6\/2019\/05\/inscri\u00e7\u00e3o-c\u00f3pia-768x232.png 768w, https:\/\/www.encontroalumni.uevora.pt\/2019\/wp-content\/uploads\/sites\/6\/2019\/05\/inscri\u00e7\u00e3o-c\u00f3pia-644x194.png 644w\" sizes=\"auto, (max-width: 1020px) 100vw, 1020px\" \/><\/p>\n<p>* Todo o processo de inscri\u00e7\u00e3o \u00e9 feito exclusivamente online em <a href=\"https:\/\/sge.uevora.pt\" target=\"_blank\" rel=\"noopener\">https:\/\/sge.uevora.pt<\/a><\/p>\n<p><strong>Registo e Inscri\u00e7\u00e3o<\/strong><\/p>\n<ol>\n<li>Registe-se em <a href=\"https:\/\/sge.uevora.pt\/users\/register\">https:\/\/sge.uevora.pt\/users\/register<\/a> (receber\u00e1 um email de confirma\u00e7\u00e3o para finalizar o seu registo)<\/li>\n<li>Realize o login em <a title=\"https:\/\/sge.uevora.pt\" href=\"https:\/\/sge.uevora.pt\" target=\"_blank\" rel=\"noopener\">https:\/\/sge.uevora.pt<\/a> e selecione o evento\u00a0 &#8220;<a title=\"https:\/\/sge.uevora.pt\/eventos\/ver\/646\" href=\"https:\/\/sge.uevora.pt\/eventos\/ver\/646\" target=\"_blank\" rel=\"noopener\">II Encontro Alumni U\u00c9vora<\/a>&#8220;<\/li>\n<li>Selecione a op\u00e7\u00e3o <strong>&#8220;Inscrever&#8221;<\/strong> e de seguida a op\u00e7\u00e3o &#8220;<strong>Confirmar Inscri\u00e7\u00e3o<\/strong>&#8220;<strong><br \/>\n<\/strong><\/li>\n<li>Depois de efetuado o pagamento da incri\u00e7\u00e3o selecione a op\u00e7\u00e3o <strong>&#8220;Confirmar o Pagamento&#8221;<\/strong> onde lhe ser\u00e3o pedidos os dados para a fatura\u00e7\u00e3o e o comprovativo de pagamento.<\/li>\n<\/ol>\n<p>&nbsp;<\/p>\n<p>&nbsp;<\/p>\n<p><strong>Declara\u00e7\u00e3o de Privacidade e Tratamento de Dados Pessoais<\/strong><\/p>\n<p>A Universidade de \u00c9vora d\u00e1 grande import\u00e2ncia \u00e0 prote\u00e7\u00e3o da privacidade dos dados pessoais.<\/p>\n<p>Por isso adot\u00e1mos as medidas t\u00e9cnicas e organizativas mais adequadas para garantir a seguran\u00e7a, a confidencialidade e a integridade dos dados pessoais que nos s\u00e3o facultados.<\/p>\n<p>A comunica\u00e7\u00e3o dos seus dados pessoais n\u00e3o constitui uma obriga\u00e7\u00e3o legal, mas a mesma \u00e9 necess\u00e1ria para a realiza\u00e7\u00e3o dos fins para que os mesmos s\u00e3o solicitados. Recolhemos apenas os dados adequados, pertinentes e necess\u00e1rios em rela\u00e7\u00e3o \u00e0 finalidade para que s\u00e3o recolhidos.<\/p>\n<p>A Universidade de \u00c9vora est\u00e1 empenhada em proceder ao tratamento dos seus dados de forma leal e transparente, garantindo-lhe confidencialidade e seguran\u00e7a quanto \u00e0s informa\u00e7\u00f5es que lhe s\u00e3o solicitadas e assegurando que as mesmas apenas ser\u00e3o usadas para os fins expressamente indicados e autorizados.<\/p>\n<p>Ao disponibilizar os seus dados pessoais \u00e0 Universidade de \u00c9vora, o utilizador reconhece e consente que os mesmos sejam processados de acordo com os termos desta Declara\u00e7\u00e3o de Privacidade e Tratamento de Dados Pessoais. Neste caso, aplicado ao Programa Alumni da Universidade de \u00c9vora.<\/p>\n<p>Os seus dados pessoais ser\u00e3o conservados continuamente, no entanto, poder\u00e1, em qualquer altura, retirar o seu consentimento, bastando para o efeito fazer-nos chegar o seu pedido, remetendo e-mail para \u2014 alumni@uevora.pt.<\/p>\n<p>A Universidade de \u00c9vora garante-lhe, ainda, o direito de acesso aos dados que lhe digam diretamente respeito, podendo solicitar a sua retifica\u00e7\u00e3o, a sua portabilidade (se tecnicamente poss\u00edvel), o seu apagamento, a limita\u00e7\u00e3o no seu tratamento ou o direito de se opor ao seu tratamento, bastando apenas que nos\u00a0contacte para o e-mail \u2014 alumni@uevora.pt.<\/p>\n<p>A Universidade de \u00c9vora designou um encarregado de prote\u00e7\u00e3o de dados para acompanhar o cumprimento da Pol\u00edtica de Privacidade e sensibilizou os seus funcion\u00e1rios para o estrito cumprimento dos princ\u00edpios de privacidade e prote\u00e7\u00e3o de dados, criando procedimentos que previnem acessos n\u00e3o autorizados.<\/p>\n<p>Poder\u00e1 sempre apresentar qualquer reclama\u00e7\u00e3o relativa \u00e0 nossa pol\u00edtica de privacidade no tratamento dos seus dados pessoais \u00e0 Autoridade Nacional de Controlo, ou seja, \u00e0 Comiss\u00e3o Nacional de Prote\u00e7\u00e3o de Dados, Rua de S\u00e3o Bento, n.\u00ba 148 \u2013 3.\u00ba, 1200-821 Lisboa, e-mail: geral@cnpd.pt.<\/p>\n<p>Nota: No decorrer do evento ser\u00e1 realizado registo fotogr\u00e1fico e video. Caso n\u00e3o consinta estas pr\u00e1ticas dever\u00e1 informar previamente a organiza\u00e7\u00e3o.<\/p>\n","protected":false},"excerpt":{"rendered":"<p>&nbsp; * Todo o processo de inscri\u00e7\u00e3o \u00e9 feito exclusivamente online em https:\/\/sge.uevora.pt Registo e Inscri\u00e7\u00e3o Registe-se em https:\/\/sge.uevora.pt\/users\/register (receber\u00e1 um email de confirma\u00e7\u00e3o para finalizar o seu registo) Realize o login em https:\/\/sge.uevora.pt e selecione o evento\u00a0 &#8220;II Encontro Alumni U\u00c9vora&#8220; Selecione a op\u00e7\u00e3o &#8220;Inscrever&#8221; e de seguida a op\u00e7\u00e3o &#8220;Confirmar Inscri\u00e7\u00e3o&#8220; Depois de&#8230;<\/p>\n","protected":false},"author":5,"featured_media":0,"parent":0,"menu_order":0,"comment_status":"closed","ping_status":"closed","template":"","meta":{"footnotes":""},"class_list":["post-50","page","type-page","status-publish","hentry"],"_links":{"self":[{"href":"https:\/\/www.encontroalumni.uevora.pt\/2019\/wp-json\/wp\/v2\/pages\/50","targetHints":{"allow":["GET"]}}],"collection":[{"href":"https:\/\/www.encontroalumni.uevora.pt\/2019\/wp-json\/wp\/v2\/pages"}],"about":[{"href":"https:\/\/www.encontroalumni.uevora.pt\/2019\/wp-json\/wp\/v2\/types\/page"}],"author":[{"embeddable":true,"href":"https:\/\/www.encontroalumni.uevora.pt\/2019\/wp-json\/wp\/v2\/users\/5"}],"replies":[{"embeddable":true,"href":"https:\/\/www.encontroalumni.uevora.pt\/2019\/wp-json\/wp\/v2\/comments?post=50"}],"version-history":[{"count":14,"href":"https:\/\/www.encontroalumni.uevora.pt\/2019\/wp-json\/wp\/v2\/pages\/50\/revisions"}],"predecessor-version":[{"id":1157,"href":"https:\/\/www.encontroalumni.uevora.pt\/2019\/wp-json\/wp\/v2\/pages\/50\/revisions\/1157"}],"wp:attachment":[{"href":"https:\/\/www.encontroalumni.uevora.pt\/2019\/wp-json\/wp\/v2\/media?parent=50"}],"curies":[{"name":"wp","href":"https:\/\/api.w.org\/{rel}","templated":true}]}}